{"id":1035,"date":"2024-08-23T19:46:56","date_gmt":"2024-08-23T17:46:56","guid":{"rendered":"https:\/\/www.tensa-france.com\/?page_id=1035"},"modified":"2026-08-26T12:31:04","modified_gmt":"2026-08-26T10:31:04","slug":"stock-disponible","status":"publish","type":"page","link":"https:\/\/www.tensa-france.com\/index.php\/stock-disponible\/","title":{"rendered":"Stock disponible"},"content":{"rendered":"<p>[et_pb_section fb_built=&#8221;1&#8243; make_equal=&#8221;on&#8221; specialty=&#8221;on&#8221; bg_img_1=&#8221;http:\/\/www.tensa-france.com\/wp-content\/uploads\/2024\/08\/20240610_085801456_iOS-1-scaled.jpg&#8221; custom_css_main_1=&#8221;border-radius: 6px;&#8221; admin_label=&#8221;Hero&#8221; _builder_version=&#8221;4.27.0&#8243; _module_preset=&#8221;default&#8221; background_color=&#8221;rgba(224,43,32,0.08)&#8221; locked=&#8221;off&#8221; collapsed=&#8221;on&#8221; global_colors_info=&#8221;{}&#8221;][et_pb_column type=&#8221;1_2&#8243; _builder_version=&#8221;4.16&#8243; _module_preset=&#8221;73121f80-a3ef-4484-8763-c3f18e3c56d2&#8243; custom_padding=&#8221;|||&#8221; global_colors_info=&#8221;{}&#8221; custom_padding__hover=&#8221;|||&#8221;][et_pb_divider show_divider=&#8221;off&#8221; _builder_version=&#8221;4.27.0&#8243; _module_preset=&#8221;default&#8221; height_tablet=&#8221;50vw&#8221; height_phone=&#8221;50vw&#8221; height_last_edited=&#8221;on|phone&#8221; max_height=&#8221;2px&#8221; global_colors_info=&#8221;{}&#8221;][\/et_pb_divider][\/et_pb_column][et_pb_column type=&#8221;1_2&#8243; specialty_columns=&#8221;2&#8243; _builder_version=&#8221;4.16&#8243; _module_preset=&#8221;default&#8221; custom_padding=&#8221;|||&#8221; global_colors_info=&#8221;{}&#8221; custom_padding__hover=&#8221;|||&#8221;][et_pb_row_inner _builder_version=&#8221;4.27.0&#8243; _module_preset=&#8221;default&#8221; global_colors_info=&#8221;{}&#8221;][et_pb_column_inner saved_specialty_column_type=&#8221;1_2&#8243; _builder_version=&#8221;4.27.0&#8243; _module_preset=&#8221;73121f80-a3ef-4484-8763-c3f18e3c56d2&#8243; global_colors_info=&#8221;{}&#8221;][et_pb_heading title=&#8221;D\u00e9couvrez Notre Stock de Remorques Disponibles&#8221; _builder_version=&#8221;4.24.3&#8243; _module_preset=&#8221;f0c675ea-2574-4d0e-b725-30f8550a8550&#8243; title_level=&#8221;h4&#8243; title_font=&#8221;IBM Plex Sans|IBM Plex Sans Condensed_weight||on|||||&#8221; title_text_color=&#8221;#1d3557&#8243; title_font_size=&#8221;14px&#8221; title_letter_spacing=&#8221;1px&#8221; title_line_height=&#8221;1.4em&#8221; custom_margin=&#8221;||10px||false|false&#8221; title_font_size_tablet=&#8221;13px&#8221; title_font_size_phone=&#8221;13px&#8221; title_font_size_last_edited=&#8221;on|desktop&#8221; locked=&#8221;off&#8221; global_colors_info=&#8221;{%22#1d3557%22:%91%22title_text_color%22%93}&#8221;][\/et_pb_heading][et_pb_heading title=&#8221;Remorques Imm\u00e9diatement Disponibles \u00e0 Vidauban&#8221; _builder_version=&#8221;4.24.3&#8243; _module_preset=&#8221;ddeb8c09-9078-4424-bc15-2efb6572e28e&#8221; title_font=&#8221;IBM Plex Sans Condensed|IBM Plex Sans Condensed_weight|||||||&#8221; title_text_color=&#8221;#111111&#8243; title_font_size=&#8221;72px&#8221; title_line_height=&#8221;1.15em&#8221; title_font_size_tablet=&#8221;40px&#8221; title_font_size_phone=&#8221;24px&#8221; title_font_size_last_edited=&#8221;on|phone&#8221; locked=&#8221;off&#8221; global_colors_info=&#8221;{}&#8221;][\/et_pb_heading][et_pb_text quote_border_color=&#8221;#457b9d&#8221; _builder_version=&#8221;4.24.2&#8243; _module_preset=&#8221;2c55a9c4-feed-423b-9edb-ae0b5b365cac&#8221; text_font=&#8221;IBM Plex Sans|IBM Plex Sans_weight|||||||&#8221; text_text_color=&#8221;rgba(0,0,0,0.64)&#8221; text_font_size=&#8221;16px&#8221; text_line_height=&#8221;1.75em&#8221; link_font=&#8221;|IBM Plex Sans_weight|||||||&#8221; link_text_color=&#8221;#1d3557&#8243; quote_font=&#8221;IBM Plex Sans Condensed|IBM Plex Sans Condensed_weight|||||||&#8221; quote_text_color=&#8221;#111111&#8243; header_font=&#8221;IBM Plex Sans Condensed|IBM Plex Sans Condensed_weight|||||||&#8221; header_text_color=&#8221;#111111&#8243; header_font_size=&#8221;72px&#8221; header_line_height=&#8221;1.15em&#8221; header_2_font=&#8221;IBM Plex Sans Condensed|IBM Plex Sans Condensed_weight|||||||&#8221; header_2_text_color=&#8221;#111111&#8243; header_2_font_size=&#8221;50px&#8221; header_2_line_height=&#8221;1.2em&#8221; header_3_font=&#8221;IBM Plex Sans Condensed|IBM Plex Sans Condensed_weight|||||||&#8221; header_3_text_color=&#8221;#111111&#8243; header_3_font_size=&#8221;32px&#8221; header_3_line_height=&#8221;1.3em&#8221; header_4_font=&#8221;IBM Plex Sans Condensed|IBM Plex Sans Condensed_weight|||||||&#8221; header_4_text_color=&#8221;#111111&#8243; header_4_font_size=&#8221;24px&#8221; header_4_line_height=&#8221;1.4em&#8221; header_5_font=&#8221;IBM Plex Sans Condensed|IBM Plex Sans Condensed_weight|||||||&#8221; header_5_text_color=&#8221;#111111&#8243; header_5_font_size=&#8221;18px&#8221; header_5_line_height=&#8221;1.4em&#8221; header_6_font=&#8221;IBM Plex Sans Condensed|IBM Plex Sans Condensed_weight|||||||&#8221; header_6_text_color=&#8221;#111111&#8243; header_6_line_height=&#8221;1.5em&#8221; custom_margin=&#8221;||||false|false&#8221; text_font_size_tablet=&#8221;15px&#8221; text_font_size_phone=&#8221;14px&#8221; text_font_size_last_edited=&#8221;on|phone&#8221; header_font_size_tablet=&#8221;40px&#8221; header_font_size_phone=&#8221;24px&#8221; header_font_size_last_edited=&#8221;on|desktop&#8221; header_2_font_size_tablet=&#8221;28px&#8221; header_2_font_size_phone=&#8221;20px&#8221; header_2_font_size_last_edited=&#8221;on|phone&#8221; header_3_font_size_tablet=&#8221;22px&#8221; header_3_font_size_phone=&#8221;17px&#8221; header_3_font_size_last_edited=&#8221;on|phone&#8221; header_4_font_size_tablet=&#8221;18px&#8221; header_4_font_size_phone=&#8221;15px&#8221; header_4_font_size_last_edited=&#8221;on|tablet&#8221; header_5_font_size_tablet=&#8221;15px&#8221; header_5_font_size_phone=&#8221;14px&#8221; header_5_font_size_last_edited=&#8221;on|desktop&#8221; header_6_font_size_tablet=&#8221;13px&#8221; header_6_font_size_phone=&#8221;13px&#8221; header_6_font_size_last_edited=&#8221;on|desktop&#8221; locked=&#8221;off&#8221; global_colors_info=&#8221;{}&#8221;]<\/p>\n<p>Explorez notre s\u00e9lection de remorques pr\u00eates \u00e0 l&#8217;emploi, disponibles d\u00e8s maintenant \u00e0 notre d\u00e9p\u00f4t de Vidauban (83). Ne manquez pas l&#8217;opportunit\u00e9 de trouver la remorque parfaite pour vos besoins.<\/p>\n<p>[\/et_pb_text][\/et_pb_column_inner][\/et_pb_row_inner][et_pb_row_inner column_structure=&#8221;1_3,1_3,1_3&#8243; use_custom_gutter=&#8221;on&#8221; gutter_width=&#8221;1&#8243; make_equal=&#8221;on&#8221; _builder_version=&#8221;4.27.3&#8243; _module_preset=&#8221;default&#8221; position_origin_a_tablet=&#8221;&#8221; position_origin_a_phone=&#8221;&#8221; position_origin_a_last_edited=&#8221;on|tablet&#8221; position_origin_f_tablet=&#8221;&#8221; position_origin_f_phone=&#8221;&#8221; position_origin_f_last_edited=&#8221;on|tablet&#8221; position_origin_r_tablet=&#8221;&#8221; position_origin_r_phone=&#8221;&#8221; position_origin_r_last_edited=&#8221;on|tablet&#8221; width=&#8221;150%&#8221; width_tablet=&#8221;100%&#8221; width_phone=&#8221;100%&#8221; width_last_edited=&#8221;on|tablet&#8221; custom_margin=&#8221;30px|||-50%|false|false&#8221; custom_margin_tablet=&#8221;|||0%|false|false&#8221; custom_margin_phone=&#8221;|||0%|false|false&#8221; custom_margin_last_edited=&#8221;on|tablet&#8221; custom_padding=&#8221;0px||0px||true|false&#8221; positioning_tablet=&#8221;none&#8221; positioning_phone=&#8221;none&#8221; positioning_last_edited=&#8221;on|tablet&#8221; border_radii=&#8221;on|6px|6px|6px|6px&#8221; global_colors_info=&#8221;{}&#8221;][et_pb_column_inner type=&#8221;1_3&#8243; saved_specialty_column_type=&#8221;1_2&#8243; _builder_version=&#8221;4.27.0&#8243; _module_preset=&#8221;73121f80-a3ef-4484-8763-c3f18e3c56d2&#8243; background_color=&#8221;#457b9d&#8221; custom_padding=&#8221;30px|30px|30px|30px|true|true&#8221; custom_padding_tablet=&#8221;30px|30px|30px|30px|true|true&#8221; custom_padding_phone=&#8221;20px|20px|20px|20px|true|true&#8221; custom_padding_last_edited=&#8221;on|desktop&#8221; global_colors_info=&#8221;{%22#457b9d%22:%91%22background_color%22%93}&#8221;][et_pb_heading title=&#8221;Qualit\u00e9 Sup\u00e9rieure&#8221; _builder_version=&#8221;4.24.3&#8243; _module_preset=&#8221;a3805066-8711-43c7-9f62-5782da0e9f7a&#8221; title_level=&#8221;h5&#8243; title_font=&#8221;IBM Plex Sans Condensed|IBM Plex Sans Condensed_weight|||||||&#8221; title_text_color=&#8221;#FFFFFF&#8221; title_font_size=&#8221;18px&#8221; title_line_height=&#8221;1.4em&#8221; custom_margin=&#8221;||10px||false|false&#8221; title_font_size_tablet=&#8221;15px&#8221; title_font_size_phone=&#8221;14px&#8221; title_font_size_last_edited=&#8221;on|phone&#8221; locked=&#8221;off&#8221; global_colors_info=&#8221;{}&#8221;][\/et_pb_heading][et_pb_text quote_border_color=&#8221;#FFFFFF&#8221; _builder_version=&#8221;4.24.3&#8243; _module_preset=&#8221;0504de1e-f5ff-4281-ba60-cbbe4edf98bc&#8221; text_font=&#8221;IBM Plex Sans|IBM Plex Sans_weight|||||||&#8221; text_text_color=&#8221;#FFFFFF&#8221; text_font_size=&#8221;16px&#8221; text_line_height=&#8221;1.75em&#8221; link_font=&#8221;||||on||||&#8221; link_text_color=&#8221;#FFFFFF&#8221; quote_font=&#8221;IBM Plex Sans Condensed|IBM Plex Sans Condensed_weight|||||||&#8221; quote_text_color=&#8221;#FFFFFF&#8221; header_font=&#8221;IBM Plex Sans Condensed|IBM Plex Sans Condensed_weight|||||||&#8221; header_text_color=&#8221;#FFFFFF&#8221; header_font_size=&#8221;72px&#8221; header_line_height=&#8221;1.15em&#8221; header_2_font=&#8221;IBM Plex Sans Condensed|IBM Plex Sans Condensed_weight|||||||&#8221; header_2_text_color=&#8221;#FFFFFF&#8221; header_2_font_size=&#8221;50px&#8221; header_2_line_height=&#8221;1.2em&#8221; header_3_font=&#8221;IBM Plex Sans Condensed|IBM Plex Sans Condensed_weight|||||||&#8221; header_3_text_color=&#8221;#FFFFFF&#8221; header_3_font_size=&#8221;32px&#8221; header_3_line_height=&#8221;1.3em&#8221; header_4_font=&#8221;IBM Plex Sans Condensed|IBM Plex Sans Condensed_weight|||||||&#8221; header_4_text_color=&#8221;#FFFFFF&#8221; header_4_font_size=&#8221;24px&#8221; header_4_line_height=&#8221;1.4em&#8221; header_5_font=&#8221;IBM Plex Sans Condensed|IBM Plex Sans Condensed_weight|||||||&#8221; header_5_text_color=&#8221;#FFFFFF&#8221; header_5_font_size=&#8221;18px&#8221; header_5_line_height=&#8221;1.4em&#8221; header_6_font=&#8221;IBM Plex Sans Condensed|IBM Plex Sans Condensed_weight|||||||&#8221; header_6_text_color=&#8221;#FFFFFF&#8221; header_6_line_height=&#8221;1.5em&#8221; custom_margin=&#8221;||||false|false&#8221; text_font_size_tablet=&#8221;15px&#8221; text_font_size_phone=&#8221;14px&#8221; text_font_size_last_edited=&#8221;on|phone&#8221; header_font_size_tablet=&#8221;40px&#8221; header_font_size_phone=&#8221;24px&#8221; header_font_size_last_edited=&#8221;on|desktop&#8221; header_2_font_size_tablet=&#8221;28px&#8221; header_2_font_size_phone=&#8221;20px&#8221; header_2_font_size_last_edited=&#8221;on|phone&#8221; header_3_font_size_tablet=&#8221;22px&#8221; header_3_font_size_phone=&#8221;17px&#8221; header_3_font_size_last_edited=&#8221;on|phone&#8221; header_4_font_size_tablet=&#8221;18px&#8221; header_4_font_size_phone=&#8221;15px&#8221; header_4_font_size_last_edited=&#8221;on|tablet&#8221; header_5_font_size_tablet=&#8221;15px&#8221; header_5_font_size_phone=&#8221;14px&#8221; header_5_font_size_last_edited=&#8221;on|desktop&#8221; header_6_font_size_tablet=&#8221;13px&#8221; header_6_font_size_phone=&#8221;13px&#8221; header_6_font_size_last_edited=&#8221;on|desktop&#8221; global_colors_info=&#8221;{%22gcid-36fd78a7-34bc-404d-873c-dafa34efaae5%22:%91%22icon_color%22,%22icon_color%22,%22icon_color%22,%22icon_color%22,%22link_text_color%22%93}&#8221;]<\/p>\n<p>Nos remorques sont fabriqu\u00e9es avec des mat\u00e9riaux de haute qualit\u00e9 pour garantir durabilit\u00e9 et performance.<\/p>\n<p>[\/et_pb_text][\/et_pb_column_inner][et_pb_column_inner type=&#8221;1_3&#8243; saved_specialty_column_type=&#8221;1_2&#8243; _builder_version=&#8221;4.27.0&#8243; _module_preset=&#8221;73121f80-a3ef-4484-8763-c3f18e3c56d2&#8243; background_color=&#8221;rgba(0,0,0,0.06)&#8221; custom_padding=&#8221;30px|30px|30px|30px|true|true&#8221; custom_padding_tablet=&#8221;30px|30px|30px|30px|true|true&#8221; custom_padding_phone=&#8221;20px|20px|20px|20px|true|true&#8221; custom_padding_last_edited=&#8221;on|desktop&#8221; global_colors_info=&#8221;{}&#8221;][et_pb_heading title=&#8221;Disponibilit\u00e9 Imm\u00e9diate&#8221; _builder_version=&#8221;4.24.3&#8243; _module_preset=&#8221;a3805066-8711-43c7-9f62-5782da0e9f7a&#8221; title_level=&#8221;h5&#8243; title_font=&#8221;IBM Plex Sans Condensed|IBM Plex Sans Condensed_weight|||||||&#8221; title_text_color=&#8221;#111111&#8243; title_font_size=&#8221;18px&#8221; title_line_height=&#8221;1.4em&#8221; custom_margin=&#8221;||10px||false|false&#8221; title_font_size_tablet=&#8221;15px&#8221; title_font_size_phone=&#8221;14px&#8221; title_font_size_last_edited=&#8221;on|phone&#8221; locked=&#8221;off&#8221; global_colors_info=&#8221;{}&#8221;][\/et_pb_heading][et_pb_text quote_border_color=&#8221;#457b9d&#8221; _builder_version=&#8221;4.27.3&#8243; _module_preset=&#8221;2c55a9c4-feed-423b-9edb-ae0b5b365cac&#8221; text_font=&#8221;IBM Plex Sans|IBM Plex Sans_weight|||||||&#8221; text_text_color=&#8221;rgba(0,0,0,0.64)&#8221; text_font_size=&#8221;16px&#8221; text_line_height=&#8221;1.75em&#8221; link_font=&#8221;|IBM Plex Sans_weight|||||||&#8221; link_text_color=&#8221;#1d3557&#8243; quote_font=&#8221;IBM Plex Sans Condensed|IBM Plex Sans Condensed_weight|||||||&#8221; quote_text_color=&#8221;#111111&#8243; header_font=&#8221;IBM Plex Sans Condensed|IBM Plex Sans Condensed_weight|||||||&#8221; header_text_color=&#8221;#111111&#8243; header_font_size=&#8221;72px&#8221; header_line_height=&#8221;1.15em&#8221; header_2_font=&#8221;IBM Plex Sans Condensed|IBM Plex Sans Condensed_weight|||||||&#8221; header_2_text_color=&#8221;#111111&#8243; header_2_font_size=&#8221;50px&#8221; header_2_line_height=&#8221;1.2em&#8221; header_3_font=&#8221;IBM Plex Sans Condensed|IBM Plex Sans Condensed_weight|||||||&#8221; header_3_text_color=&#8221;#111111&#8243; header_3_font_size=&#8221;32px&#8221; header_3_line_height=&#8221;1.3em&#8221; header_4_font=&#8221;IBM Plex Sans Condensed|IBM Plex Sans Condensed_weight|||||||&#8221; header_4_text_color=&#8221;#111111&#8243; header_4_font_size=&#8221;24px&#8221; header_4_line_height=&#8221;1.4em&#8221; header_5_font=&#8221;IBM Plex Sans Condensed|IBM Plex Sans Condensed_weight|||||||&#8221; header_5_text_color=&#8221;#111111&#8243; header_5_font_size=&#8221;18px&#8221; header_5_line_height=&#8221;1.4em&#8221; header_6_font=&#8221;IBM Plex Sans Condensed|IBM Plex Sans Condensed_weight|||||||&#8221; header_6_text_color=&#8221;#111111&#8243; header_6_line_height=&#8221;1.5em&#8221; custom_margin=&#8221;||||false|false&#8221; text_font_size_tablet=&#8221;15px&#8221; text_font_size_phone=&#8221;14px&#8221; text_font_size_last_edited=&#8221;on|phone&#8221; header_font_size_tablet=&#8221;40px&#8221; header_font_size_phone=&#8221;24px&#8221; header_font_size_last_edited=&#8221;on|desktop&#8221; header_2_font_size_tablet=&#8221;28px&#8221; header_2_font_size_phone=&#8221;20px&#8221; header_2_font_size_last_edited=&#8221;on|phone&#8221; header_3_font_size_tablet=&#8221;22px&#8221; header_3_font_size_phone=&#8221;17px&#8221; header_3_font_size_last_edited=&#8221;on|phone&#8221; header_4_font_size_tablet=&#8221;18px&#8221; header_4_font_size_phone=&#8221;15px&#8221; header_4_font_size_last_edited=&#8221;on|tablet&#8221; header_5_font_size_tablet=&#8221;15px&#8221; header_5_font_size_phone=&#8221;14px&#8221; header_5_font_size_last_edited=&#8221;on|desktop&#8221; header_6_font_size_tablet=&#8221;13px&#8221; header_6_font_size_phone=&#8221;13px&#8221; header_6_font_size_last_edited=&#8221;on|desktop&#8221; locked=&#8221;off&#8221; global_colors_info=&#8221;{}&#8221;]<\/p>\n<p>Profitez de notre stock imm\u00e9diatement disponible pour r\u00e9pondre \u00e0 vos besoins urgents.<\/p>\n<p>Financement jusqu&#8217;\u00e0<strong> 60 mois<\/strong><\/p>\n<p>[\/et_pb_text][\/et_pb_column_inner][et_pb_column_inner type=&#8221;1_3&#8243; saved_specialty_column_type=&#8221;1_2&#8243; _builder_version=&#8221;4.27.3&#8243; _module_preset=&#8221;73121f80-a3ef-4484-8763-c3f18e3c56d2&#8243; background_color=&#8221;#FC9569&#8243; custom_padding=&#8221;30px|30px|30px|30px|true|true&#8221; custom_padding_tablet=&#8221;30px|30px|30px|30px|true|true&#8221; custom_padding_phone=&#8221;20px|20px|20px|20px|true|true&#8221; custom_padding_last_edited=&#8221;on|desktop&#8221; global_colors_info=&#8221;{}&#8221;][et_pb_image src=&#8221;http:\/\/www.tensa-france.com\/wp-content\/uploads\/2024\/11\/m2m_financement_logo.jpeg&#8221; alt=&#8221;Financement jusqu&#8217;\u00e0 60 mois&#8221; title_text=&#8221;m2m_financement_logo&#8221; _builder_version=&#8221;4.27.3&#8243; _module_preset=&#8221;default&#8221; global_colors_info=&#8221;{}&#8221;][\/et_pb_image][\/et_pb_column_inner][\/et_pb_row_inner][\/et_pb_column][\/et_pb_section][et_pb_section fb_built=&#8221;1&#8243; admin_label=&#8221;Gallery&#8221; _builder_version=&#8221;4.17.4&#8243; _module_preset=&#8221;default&#8221; locked=&#8221;off&#8221; collapsed=&#8221;on&#8221; global_colors_info=&#8221;{}&#8221;][et_pb_row _builder_version=&#8221;4.17.6&#8243; _module_preset=&#8221;5138c454-be54-4233-bd3b-f8e6a8747976&#8243; locked=&#8221;off&#8221; global_colors_info=&#8221;{}&#8221;][et_pb_column type=&#8221;4_4&#8243; _builder_version=&#8221;4.17.4&#8243; _module_preset=&#8221;73121f80-a3ef-4484-8763-c3f18e3c56d2&#8243; global_colors_info=&#8221;{}&#8221;][et_pb_heading title=&#8221;Nos Remorques Disponibles \u00e0 Vidauban &#8211; DESTOCKAGE&#8221; _builder_version=&#8221;4.27.0&#8243; _module_preset=&#8221;c33f07d9-41e0-421a-8799-5799df695cce&#8221; title_level=&#8221;h2&#8243; title_font=&#8221;IBM Plex Sans Condensed|IBM Plex Sans Condensed_weight|||||||&#8221; title_text_align=&#8221;center&#8221; title_text_color=&#8221;#111111&#8243; title_font_size=&#8221;50px&#8221; title_line_height=&#8221;1.2em&#8221; custom_margin=&#8221;||10px||false|false&#8221; title_font_size_tablet=&#8221;28px&#8221; title_font_size_phone=&#8221;20px&#8221; title_font_size_last_edited=&#8221;on|phone&#8221; global_colors_info=&#8221;{}&#8221;][\/et_pb_heading][\/et_pb_column][\/et_pb_row][et_pb_row column_structure=&#8221;1_3,1_3,1_3&#8243; use_custom_gutter=&#8221;on&#8221; gutter_width=&#8221;2&#8243; _builder_version=&#8221;4.25.2&#8243; _module_preset=&#8221;5138c454-be54-4233-bd3b-f8e6a8747976&#8243; locked=&#8221;off&#8221; global_colors_info=&#8221;{}&#8221;][et_pb_column type=&#8221;1_3&#8243; _builder_version=&#8221;4.17.4&#8243; _module_preset=&#8221;73121f80-a3ef-4484-8763-c3f18e3c56d2&#8243; global_colors_info=&#8221;{}&#8221;][et_pb_image src=&#8221;http:\/\/www.tensa-france.com\/wp-content\/uploads\/2025\/07\/IMG_1791.jpg&#8221; title_text=&#8221;IMG_1791&#8243; show_in_lightbox=&#8221;on&#8221; use_overlay=&#8221;on&#8221; overlay_icon_color=&#8221;#457b9d&#8221; _builder_version=&#8221;4.27.4&#8243; _module_preset=&#8221;8249bb47-7bda-4c77-8a37-2a958f7a9826&#8243; border_radii=&#8221;on|6px|6px|6px|6px&#8221; locked=&#8221;off&#8221; global_colors_info=&#8221;{%22#457b9d%22:%91%22overlay_icon_color%22%93}&#8221;][\/et_pb_image][et_pb_text _builder_version=&#8221;4.27.4&#8243; _module_preset=&#8221;default&#8221; global_colors_info=&#8221;{}&#8221;]&nbsp;<\/p>\n<p><strong>Caravane N-CROSS<\/strong><br \/>\nDimensions utiles : 375<span>x205x185<\/span><br \/>\nPTAC : 1000kg<br \/>\nJusqu&#8217;\u00e0 3 personnes<\/p>\n<p>Prix : <strong>12 500,00 \u20ac HT (15 000,00 \u20ac TTC)<br \/>\n<\/strong>Financement possible jusqu&#8217;\u00e0 60 mois<\/p>\n<p>&nbsp;[\/et_pb_text][\/et_pb_column][et_pb_column type=&#8221;1_3&#8243; _builder_version=&#8221;4.17.4&#8243; _module_preset=&#8221;73121f80-a3ef-4484-8763-c3f18e3c56d2&#8243; global_colors_info=&#8221;{}&#8221;][et_pb_image src=&#8221;http:\/\/www.tensa-france.com\/wp-content\/uploads\/2025\/11\/IMG_20250821_090848.jpg&#8221; title_text=&#8221;N-126&#8243; show_in_lightbox=&#8221;on&#8221; use_overlay=&#8221;on&#8221; overlay_icon_color=&#8221;#457b9d&#8221; _builder_version=&#8221;4.27.4&#8243; _module_preset=&#8221;8249bb47-7bda-4c77-8a37-2a958f7a9826&#8243; border_radii=&#8221;on|6px|6px|6px|6px&#8221; locked=&#8221;off&#8221; global_colors_info=&#8221;{%22#457b9d%22:%91%22overlay_icon_color%22%93}&#8221;][\/et_pb_image][et_pb_text _builder_version=&#8221;4.27.4&#8243; _module_preset=&#8221;default&#8221; custom_padding=&#8221;||0px|||&#8221; global_colors_info=&#8221;{}&#8221;]<strong>Mini-Caravane N 126 D &#8211; Niewiadow neuve<\/strong><\/p>\n<p>PTAC : 750 kg (permis B)<br \/>\nLongueur totale : 388cm<br \/>\nDimensions int\u00e9rieures : 270x184x185cm<br \/>\nHauteur ext\u00e9rieure : 218 cm<br \/>\nCharge utile : 220 kg<br \/>\nCouchages 2 places : 185 x 122 cm<br \/>\nCouchage 1 place : 185 x 50 cm<br \/>\nEquipement complet avec batterie autonome<\/p>\n<p>Prix : <strong>10 000.00\u20ac<\/strong><strong> HT (12 000,00 \u20ac TTC)<br \/>\n<\/strong>Financement possible jusqu&#8217;\u00e0 60 mois[\/et_pb_text][\/et_pb_column][et_pb_column type=&#8221;1_3&#8243; _builder_version=&#8221;4.17.4&#8243; _module_preset=&#8221;73121f80-a3ef-4484-8763-c3f18e3c56d2&#8243; global_colors_info=&#8221;{}&#8221;][et_pb_image src=&#8221;http:\/\/www.tensa-france.com\/wp-content\/uploads\/2025\/03\/IMG_2969-scaled.jpg&#8221; title_text=&#8221;tribenne 2700kg&#8221; show_in_lightbox=&#8221;on&#8221; use_overlay=&#8221;on&#8221; overlay_icon_color=&#8221;#457b9d&#8221; _builder_version=&#8221;4.27.4&#8243; _module_preset=&#8221;8249bb47-7bda-4c77-8a37-2a958f7a9826&#8243; border_radii=&#8221;on|6px|6px|6px|6px&#8221; locked=&#8221;off&#8221; global_colors_info=&#8221;{%22#457b9d%22:%91%22overlay_icon_color%22%93}&#8221;][\/et_pb_image][et_pb_text _builder_version=&#8221;4.27.4&#8243; _module_preset=&#8221;default&#8221; global_colors_info=&#8221;{}&#8221;]<\/p>\n<div class=\"et_pb_text_inner\">\n<div data-shortcode-id=\"1.1.1.1-1738833581894\" data-quickaccess-editable=\"yes\" class=\"et-fb-popover-tinymce\">\n<p>Remorque <strong>TriBenne basculante KIPER 3018A3RP<\/strong><br \/>\nDimensions utiles : 300x180x40<br \/>\nDimension totale : 441x197x112<br \/>\nPTAC : 2700kg<br \/>\nCharge utile : 1930 kg<br \/>\n<span>Pompe hydraulique manuelle double effet<\/span><\/p>\n<p>Prix : <strong>4 312.00 \u20ac HT (5 175.00 \u20ac TTC)<\/strong><\/p>\n<\/div>\n<\/div>\n<div class=\"et-fb-icon et-fb-icon--add\" style=\"fill: #ffffff; width: 28px; min-width: 28px; height: 28px; margin: -6px;\"><\/div>\n<div class=\"et-fb-mousetrap et-fb-mousetrap--module et-fb-mousetrap-move\" style=\"background: 0px center; pointer-events: none;\"><\/div>\n<p>[\/et_pb_text][\/et_pb_column][\/et_pb_row][et_pb_row column_structure=&#8221;1_3,1_3,1_3&#8243; use_custom_gutter=&#8221;on&#8221; gutter_width=&#8221;2&#8243; _builder_version=&#8221;4.25.2&#8243; _module_preset=&#8221;5138c454-be54-4233-bd3b-f8e6a8747976&#8243; locked=&#8221;off&#8221; global_colors_info=&#8221;{}&#8221;][et_pb_column type=&#8221;1_3&#8243; _builder_version=&#8221;4.17.4&#8243; _module_preset=&#8221;73121f80-a3ef-4484-8763-c3f18e3c56d2&#8243; global_colors_info=&#8221;{}&#8221;][et_pb_image src=&#8221;http:\/\/www.tensa-france.com\/wp-content\/uploads\/2025\/07\/20240810_084618748.jpg&#8221; title_text=&#8221;20240810_084618748&#8243; show_in_lightbox=&#8221;on&#8221; use_overlay=&#8221;on&#8221; overlay_icon_color=&#8221;#457b9d&#8221; _builder_version=&#8221;4.27.4&#8243; _module_preset=&#8221;8249bb47-7bda-4c77-8a37-2a958f7a9826&#8243; border_radii=&#8221;on|6px|6px|6px|6px&#8221; locked=&#8221;off&#8221; global_colors_info=&#8221;{%22#457b9d%22:%91%22overlay_icon_color%22%93}&#8221;][\/et_pb_image][et_pb_text _builder_version=&#8221;4.27.4&#8243; _module_preset=&#8221;default&#8221; global_colors_info=&#8221;{}&#8221;]Remorque<strong><span>\u00a0<\/span>porte-voiture basculante WENUS<\/strong><br \/>\nDimensions utiles : 460\u00d7210<br \/>\nDimensions totales : 616\u00d7255<br \/>\nPTAC : 2700kg<br \/>\nCharge utile : 2040 kg<\/p>\n<p>Prix : <strong> 3250.00 \u20ac HT (3 900,00\u20ac TTC)<br \/>\n<\/strong>Financement possible jusqu\u2019\u00e0 60 mois[\/et_pb_text][\/et_pb_column][et_pb_column type=&#8221;1_3&#8243; _builder_version=&#8221;4.17.4&#8243; _module_preset=&#8221;73121f80-a3ef-4484-8763-c3f18e3c56d2&#8243; global_colors_info=&#8221;{}&#8221;][et_pb_image src=&#8221;http:\/\/www.tensa-france.com\/wp-content\/uploads\/2025\/11\/IMG_20250821_090854.jpg&#8221; title_text=&#8221;N-126 E&#8221; show_in_lightbox=&#8221;on&#8221; use_overlay=&#8221;on&#8221; overlay_icon_color=&#8221;#457b9d&#8221; _builder_version=&#8221;4.27.4&#8243; _module_preset=&#8221;8249bb47-7bda-4c77-8a37-2a958f7a9826&#8243; border_radii=&#8221;on|6px|6px|6px|6px&#8221; locked=&#8221;off&#8221; global_colors_info=&#8221;{%22#457b9d%22:%91%22overlay_icon_color%22%93}&#8221;][\/et_pb_image][et_pb_text _builder_version=&#8221;4.27.4&#8243; _module_preset=&#8221;default&#8221; global_colors_info=&#8221;{}&#8221;]<strong>Mini-Caravane N 126 E &#8211; Niewiadow neuve<\/strong><\/p>\n<p>PTAC : 750 kg (permis B)<br \/>\nLongueur totale : 388cm<br \/>\nDimensions int\u00e9rieures : 270x184x185cm<br \/>\nHauteur ext\u00e9rieure : 218 cm<br \/>\nCharge utile : 220 kg<br \/>\nCouchages 2 places : 185 x 122 cm<br \/>\nCouchage 1 place : 185 x 50 cm<br \/>\nEquipement complet avec batterie autonome<\/p>\n<p>Prix : <strong>10 000.00 \u20ac HT (12 000.00 \u20ac TTC)<br \/>\n<\/strong>Financement possible jusqu&#8217;\u00e0 60 mois<strong><br \/>\n<\/strong>[\/et_pb_text][\/et_pb_column][et_pb_column type=&#8221;1_3&#8243; _builder_version=&#8221;4.17.4&#8243; _module_preset=&#8221;73121f80-a3ef-4484-8763-c3f18e3c56d2&#8243; global_colors_info=&#8221;{}&#8221;][et_pb_image src=&#8221;http:\/\/www.tensa-france.com\/wp-content\/uploads\/2025\/03\/IMG_2971-scaled.jpg&#8221; title_text=&#8221;MINI WENUS &#8221; show_in_lightbox=&#8221;on&#8221; use_overlay=&#8221;on&#8221; overlay_icon_color=&#8221;#457b9d&#8221; _builder_version=&#8221;4.27.4&#8243; _module_preset=&#8221;8249bb47-7bda-4c77-8a37-2a958f7a9826&#8243; border_radii=&#8221;on|6px|6px|6px|6px&#8221; locked=&#8221;off&#8221; global_colors_info=&#8221;{%22#457b9d%22:%91%22overlay_icon_color%22%93}&#8221;][\/et_pb_image][et_pb_text _builder_version=&#8221;4.27.4&#8243; _module_preset=&#8221;default&#8221; global_colors_info=&#8221;{}&#8221;]Remorque<strong> porte-voiture basculante MINI WENUS<\/strong><br \/>\nDimensions utiles : 360&#215;180<br \/>\nDimensions totales : 559x231x63<br \/>\nPTAC : 1300kg<br \/>\nCharge utile : 895 kg<\/p>\n<p>Prix : <strong>2000,00 \u20ac HT (2400,00 \u20ac TTC) &#8211; <span style=\"color: #ff0000;\"><\/span><\/strong><br \/>\nFinancement possible jusqu&#8217;\u00e0 60 mois<strong><br \/>\n<\/strong>[\/et_pb_text][\/et_pb_column][\/et_pb_row][et_pb_row column_structure=&#8221;1_3,1_3,1_3&#8243; use_custom_gutter=&#8221;on&#8221; gutter_width=&#8221;2&#8243; _builder_version=&#8221;4.25.2&#8243; _module_preset=&#8221;5138c454-be54-4233-bd3b-f8e6a8747976&#8243; locked=&#8221;off&#8221; global_colors_info=&#8221;{}&#8221;][et_pb_column type=&#8221;1_3&#8243; _builder_version=&#8221;4.17.4&#8243; _module_preset=&#8221;73121f80-a3ef-4484-8763-c3f18e3c56d2&#8243; global_colors_info=&#8221;{}&#8221;][et_pb_image src=&#8221;http:\/\/www.tensa-france.com\/wp-content\/uploads\/2025\/07\/20240823_090248376_iOS-scaled-1.jpg&#8221; title_text=&#8221;20240823_090248376_iOS-scaled&#8221; show_in_lightbox=&#8221;on&#8221; use_overlay=&#8221;on&#8221; overlay_icon_color=&#8221;#457b9d&#8221; _builder_version=&#8221;4.27.4&#8243; _module_preset=&#8221;8249bb47-7bda-4c77-8a37-2a958f7a9826&#8243; border_radii=&#8221;on|6px|6px|6px|6px&#8221; locked=&#8221;off&#8221; global_colors_info=&#8221;{%22#457b9d%22:%91%22overlay_icon_color%22%93}&#8221;][\/et_pb_image][et_pb_text _builder_version=&#8221;4.27.4&#8243; _module_preset=&#8221;default&#8221; global_colors_info=&#8221;{}&#8221;]Remorque<strong> Abri de Chantier<\/strong><br \/>\nDimensions utiles : 360x210x210<br \/>\nPTAC : 1100kg<br \/>\nCharge utile : 260 kg<\/p>\n<p>Prix : <strong>9 000.00 \u20ac HT (10 800,00 \u20ac TTC)<\/strong><br \/>\nFinancement possible jusqu&#8217;\u00e0 60 mois[\/et_pb_text][\/et_pb_column][et_pb_column type=&#8221;1_3&#8243; _builder_version=&#8221;4.17.4&#8243; _module_preset=&#8221;73121f80-a3ef-4484-8763-c3f18e3c56d2&#8243; global_colors_info=&#8221;{}&#8221;][et_pb_image src=&#8221;http:\/\/www.tensa-france.com\/wp-content\/uploads\/2025\/07\/IMG_1476-scaled-1.jpg&#8221; title_text=&#8221;IMG_1476-scaled&#8221; show_in_lightbox=&#8221;on&#8221; use_overlay=&#8221;on&#8221; overlay_icon_color=&#8221;#457b9d&#8221; _builder_version=&#8221;4.27.4&#8243; _module_preset=&#8221;8249bb47-7bda-4c77-8a37-2a958f7a9826&#8243; border_radii=&#8221;on|6px|6px|6px|6px&#8221; locked=&#8221;off&#8221; global_colors_info=&#8221;{%22#457b9d%22:%91%22overlay_icon_color%22%93}&#8221;][\/et_pb_image][et_pb_text _builder_version=&#8221;4.27.4&#8243; _module_preset=&#8221;default&#8221; global_colors_info=&#8221;{}&#8221;]Remorque<strong> Fourgon F1334HL rampe<br \/>\n<\/strong>Dimensions utiles : 340x150x180<br \/>\nPTAC : 1300kg<br \/>\nCharge utile : 790 kg<\/p>\n<p>Prix : <strong>4 230.00 \u20ac HT (5 076.00 \u20ac TTC)<\/strong><br \/>\nFinancement possible jusqu&#8217;\u00e0 60 mois[\/et_pb_text][\/et_pb_column][et_pb_column type=&#8221;1_3&#8243; _builder_version=&#8221;4.17.4&#8243; _module_preset=&#8221;73121f80-a3ef-4484-8763-c3f18e3c56d2&#8243; global_colors_info=&#8221;{}&#8221;][et_pb_image src=&#8221;http:\/\/www.tensa-france.com\/wp-content\/uploads\/2025\/03\/IMG_2970-scaled.jpg&#8221; title_text=&#8221;BOSS 5.0m&#8221; show_in_lightbox=&#8221;on&#8221; use_overlay=&#8221;on&#8221; overlay_icon_color=&#8221;#457b9d&#8221; _builder_version=&#8221;4.27.4&#8243; _module_preset=&#8221;8249bb47-7bda-4c77-8a37-2a958f7a9826&#8243; border_radii=&#8221;on|6px|6px|6px|6px&#8221; locked=&#8221;off&#8221; global_colors_info=&#8221;{%22#457b9d%22:%91%22overlay_icon_color%22%93}&#8221;][\/et_pb_image][et_pb_text _builder_version=&#8221;4.27.4&#8243; _module_preset=&#8221;default&#8221; global_colors_info=&#8221;{}&#8221;]Remorque<strong> Multi-usage BOSS 5m Alu<\/strong><br \/>\nDimensions utiles : 500x210x40<br \/>\nDimensions totales : 659x248x110<br \/>\nPTAC : 3500kg<br \/>\nCharge utile : 2650 kg<\/p>\n<p>Prix : <strong>4 806,00\u20ac HT (5767,00 \u20ac TTC)<\/strong><br \/>\nFinancement possible jusqu&#8217;\u00e0 60 mois<strong><br \/>\n<\/strong>[\/et_pb_text][\/et_pb_column][\/et_pb_row][et_pb_row column_structure=&#8221;1_3,1_3,1_3&#8243; use_custom_gutter=&#8221;on&#8221; gutter_width=&#8221;2&#8243; _builder_version=&#8221;4.25.2&#8243; _module_preset=&#8221;5138c454-be54-4233-bd3b-f8e6a8747976&#8243; locked=&#8221;off&#8221; global_colors_info=&#8221;{}&#8221;][et_pb_column type=&#8221;1_3&#8243; _builder_version=&#8221;4.17.4&#8243; _module_preset=&#8221;73121f80-a3ef-4484-8763-c3f18e3c56d2&#8243; global_colors_info=&#8221;{}&#8221;][et_pb_image src=&#8221;http:\/\/www.tensa-france.com\/wp-content\/uploads\/2026\/08\/1000015935.jpg&#8221; alt=&#8221;Remorque frigorifique FK7520 Niewiadow&#8221; title_text=&#8221;FL1336HC&#8221; show_in_lightbox=&#8221;on&#8221; use_overlay=&#8221;on&#8221; overlay_icon_color=&#8221;#457b9d&#8221; _builder_version=&#8221;4.27.4&#8243; _module_preset=&#8221;8249bb47-7bda-4c77-8a37-2a958f7a9826&#8243; hover_enabled=&#8221;0&#8243; border_radii=&#8221;on|6px|6px|6px|6px&#8221; locked=&#8221;off&#8221; global_colors_info=&#8221;{%22#457b9d%22:%91%22overlay_icon_color%22%93}&#8221; sticky_enabled=&#8221;0&#8243;][\/et_pb_image][et_pb_text _builder_version=&#8221;4.27.4&#8243; _module_preset=&#8221;default&#8221; hover_enabled=&#8221;0&#8243; global_colors_info=&#8221;{}&#8221; sticky_enabled=&#8221;0&#8243;]<\/p>\n<p>Remorque<strong> fourgon Polyester FL1336 HC Rampe<\/strong><br \/>Dimensions utiles : 360x160x180<br \/>PTAC : 1300kg<br \/>Charge utile : 615 kg<\/p>\n<p>Prix : <strong>5 500,00 \u20ac HT (6 600,00 \u20ac TTC)<\/strong><br \/>Financement possible jusqu&#8217;\u00e0 60 mois<\/p>\n<p>[\/et_pb_text][\/et_pb_column][et_pb_column _builder_version=&#8221;4.27.4&#8243; _module_preset=&#8221;default&#8221; type=&#8221;1_3&#8243;][et_pb_image src=&#8221;http:\/\/www.tensa-france.com\/wp-content\/uploads\/2025\/03\/IMG_3126-scaled.jpg&#8221; title_text=&#8221;P750&#8243; show_in_lightbox=&#8221;on&#8221; use_overlay=&#8221;on&#8221; overlay_icon_color=&#8221;#457b9d&#8221; _builder_version=&#8221;4.27.4&#8243; _module_preset=&#8221;8249bb47-7bda-4c77-8a37-2a958f7a9826&#8243; border_radii=&#8221;on|6px|6px|6px|6px&#8221; locked=&#8221;off&#8221; global_colors_info=&#8221;{%22#457b9d%22:%91%22overlay_icon_color%22%93}&#8221;][\/et_pb_image][et_pb_text _builder_version=&#8221;4.27.4&#8243; _module_preset=&#8221;default&#8221; global_colors_info=&#8221;{}&#8221;]Remorque<strong> porte-bateaux P750<\/strong><br \/>\nDimensions utiles : bateau 5m maximum<br \/>\nPTAC : 750kg<br \/>\nCharge utile : 580 kg<\/p>\n<p>Prix : <strong>1 000.00 \u20ac HT (1 200.00 \u20ac TTC)\/unit\u00e9<\/strong><br \/>\nFinancement possible jusqu&#8217;\u00e0 60 mois<strong><br \/>\n<\/strong><strong><\/strong>[\/et_pb_text][\/et_pb_column][et_pb_column type=&#8221;1_3&#8243; _builder_version=&#8221;4.17.4&#8243; _module_preset=&#8221;73121f80-a3ef-4484-8763-c3f18e3c56d2&#8243; global_colors_info=&#8221;{}&#8221;][et_pb_image src=&#8221;http:\/\/www.tensa-france.com\/wp-content\/uploads\/2024\/07\/5-1.jpg&#8221; alt=&#8221;Remorque frigorifique FK7520 Niewiadow&#8221; title_text=&#8221;Remorque frigorifique FK7520 Niewiadow &#8211; 4885 \u20ac HT&#8221; show_in_lightbox=&#8221;on&#8221; use_overlay=&#8221;on&#8221; overlay_icon_color=&#8221;#457b9d&#8221; _builder_version=&#8221;4.27.4&#8243; _module_preset=&#8221;8249bb47-7bda-4c77-8a37-2a958f7a9826&#8243; border_radii=&#8221;on|6px|6px|6px|6px&#8221; locked=&#8221;off&#8221; global_colors_info=&#8221;{%22#457b9d%22:%91%22overlay_icon_color%22%93}&#8221;][\/et_pb_image][et_pb_text _builder_version=&#8221;4.27.4&#8243; _module_preset=&#8221;default&#8221; global_colors_info=&#8221;{}&#8221;]<\/p>\n<p>Remorque<strong> frigorifique FK7520 (froid positif)<\/strong><br \/>Dimensions utiles : 200x110x150<br \/>PTAC : 750kg<br \/>Charge utile : 450 kg<\/p>\n<p>Prix : <strong>5 700,00 \u20ac HT (6 840,00 \u20ac TTC)<\/strong><br \/>Financement possible jusqu&#8217;\u00e0 60 mois<\/p>\n<p>[\/et_pb_text][\/et_pb_column][\/et_pb_row][et_pb_row column_structure=&#8221;1_3,1_3,1_3&#8243; use_custom_gutter=&#8221;on&#8221; gutter_width=&#8221;2&#8243; _builder_version=&#8221;4.25.2&#8243; _module_preset=&#8221;5138c454-be54-4233-bd3b-f8e6a8747976&#8243; locked=&#8221;off&#8221; global_colors_info=&#8221;{}&#8221;][et_pb_column type=&#8221;1_3&#8243; _builder_version=&#8221;4.17.4&#8243; _module_preset=&#8221;73121f80-a3ef-4484-8763-c3f18e3c56d2&#8243; global_colors_info=&#8221;{}&#8221;][et_pb_image src=&#8221;http:\/\/www.tensa-france.com\/wp-content\/uploads\/2026\/08\/IMG_20250902_105705.jpg&#8221; alt=&#8221;Remorque commerce 1300kg H13301H Niewiadow&#8221; title_text=&#8221;porte-engins&#8221; show_in_lightbox=&#8221;on&#8221; use_overlay=&#8221;on&#8221; overlay_icon_color=&#8221;#457b9d&#8221; _builder_version=&#8221;4.27.4&#8243; _module_preset=&#8221;8249bb47-7bda-4c77-8a37-2a958f7a9826&#8243; border_radii=&#8221;on|6px|6px|6px|6px&#8221; locked=&#8221;off&#8221; global_colors_info=&#8221;{%22#457b9d%22:%91%22overlay_icon_color%22%93}&#8221;][\/et_pb_image][et_pb_text _builder_version=&#8221;4.27.4&#8243; _module_preset=&#8221;default&#8221; global_colors_info=&#8221;{}&#8221;]Remorque<strong> Porte-Engins 2700 kg PTAC<\/strong><br \/>\nDimensions utiles :<br \/>\nPTAC : 2700kg<br \/>\nCharge utile :  kg<\/p>\n<p>Prix : <strong>4 500.00 <\/strong><span style=\"color: #000000;\"><strong>\u20ac HT (5 400.00 \u20ac TTC)<\/strong><br \/>\nFinancement possible jusqu&#8217;\u00e0 60 mois<\/span>[\/et_pb_text][\/et_pb_column][et_pb_column type=&#8221;1_3&#8243; _builder_version=&#8221;4.17.4&#8243; _module_preset=&#8221;73121f80-a3ef-4484-8763-c3f18e3c56d2&#8243; global_colors_info=&#8221;{}&#8221;][et_pb_image src=&#8221;http:\/\/www.tensa-france.com\/wp-content\/uploads\/2026\/08\/20260414_094921859_iOS-scaled.jpg&#8221; alt=&#8221;Remorque commerce 1300kg H13301H Niewiadow&#8221; title_text=&#8221;Monte Carlo 600&#8243; show_in_lightbox=&#8221;on&#8221; use_overlay=&#8221;on&#8221; overlay_icon_color=&#8221;#457b9d&#8221; _builder_version=&#8221;4.27.4&#8243; _module_preset=&#8221;8249bb47-7bda-4c77-8a37-2a958f7a9826&#8243; border_radii=&#8221;on|6px|6px|6px|6px&#8221; locked=&#8221;off&#8221; global_colors_info=&#8221;{%22#457b9d%22:%91%22overlay_icon_color%22%93}&#8221;][\/et_pb_image][et_pb_text _builder_version=&#8221;4.27.4&#8243; _module_preset=&#8221;default&#8221; global_colors_info=&#8221;{}&#8221;]Remorque<strong> Porte-Voiture MONTE CARLO<\/strong><br \/>\nDimensions utiles : 600x245x200<br \/>\nPTAC : 3500kg<br \/>\nTriple essieux<br \/>\nCharge utile : 2500 kg<br \/>\nRoues 195\/55 R10C<br \/>\nPlateau en t\u00f4le type LOHR (avec t\u00f4le stri\u00e9e en aluminium en dessous)<br \/>\nPartie centrale habill\u00e9e de contreplaqu\u00e9<br \/>\nTreuil \u00e9lectrique coulissant avec batterie<br \/>\nRampes de chargement suppl\u00e9mentaires sur la rampe (pas seulement des cales de roue) \u2013 rampes coulissantes<br \/>\nTrappe sur la paroi gauche<br \/>\nPorte sur la paroi droite<br \/>\nPorte \u00e0 un vantail<br \/>\nProfil a\u00e9rodynamique inclin\u00e9<br \/>\n\u00c9clairage int\u00e9rieur \u00e0 LED<br \/>\nFabrication de haute qualit\u00e9 \u2013 remorque con\u00e7ue pour le transport de v\u00e9hicules Rolls-Royce<br \/>\nPrix : <strong>14 000.00 \u20ac HT (16 800.00 \u20ac TTC)\u00a0<\/strong><br \/>\nFinancement possible jusqu&#8217;\u00e0 60 mois<strong><br \/>\n<\/strong>[\/et_pb_text][\/et_pb_column][et_pb_column type=&#8221;1_3&#8243; _builder_version=&#8221;4.17.4&#8243; _module_preset=&#8221;73121f80-a3ef-4484-8763-c3f18e3c56d2&#8243; global_colors_info=&#8221;{}&#8221;][et_pb_image src=&#8221;http:\/\/www.tensa-france.com\/wp-content\/uploads\/2025\/02\/IMG_2468-scaled.jpg&#8221; alt=&#8221;Remorque commerce 1300kg H13301H Niewiadow&#8221; title_text=&#8221;MotoCamp&#8221; show_in_lightbox=&#8221;on&#8221; use_overlay=&#8221;on&#8221; overlay_icon_color=&#8221;#457b9d&#8221; _builder_version=&#8221;4.27.4&#8243; _module_preset=&#8221;8249bb47-7bda-4c77-8a37-2a958f7a9826&#8243; border_radii=&#8221;on|6px|6px|6px|6px&#8221; locked=&#8221;off&#8221; global_colors_info=&#8221;{%22#457b9d%22:%91%22overlay_icon_color%22%93}&#8221;][\/et_pb_image][et_pb_text _builder_version=&#8221;4.27.4&#8243; _module_preset=&#8221;default&#8221; global_colors_info=&#8221;{}&#8221;]Remorque<strong> MOTOCAMP<\/strong><br \/>\nDimensions utiles : 200&#215;100<br \/>\nPTAC : 750kg<br \/>\nCharge utile : 515 kg<\/p>\n<p>Prix : <strong>1600.00 \u20ac HT (1 920.00 \u20ac TTC)<\/strong><br \/>\nFinancement possible jusqu&#8217;\u00e0 60 mois<strong><br \/>\n<\/strong>[\/et_pb_text][\/et_pb_column][\/et_pb_row][et_pb_row column_structure=&#8221;1_3,1_3,1_3&#8243; use_custom_gutter=&#8221;on&#8221; gutter_width=&#8221;2&#8243; _builder_version=&#8221;4.25.2&#8243; _module_preset=&#8221;5138c454-be54-4233-bd3b-f8e6a8747976&#8243; locked=&#8221;off&#8221; global_colors_info=&#8221;{}&#8221;][et_pb_column type=&#8221;1_3&#8243; _builder_version=&#8221;4.17.4&#8243; _module_preset=&#8221;73121f80-a3ef-4484-8763-c3f18e3c56d2&#8243; global_colors_info=&#8221;{}&#8221;][et_pb_image src=&#8221;http:\/\/www.tensa-france.com\/wp-content\/uploads\/2024\/10\/IMG_1470-scaled.jpg&#8221; title_text=&#8221;F752415.11D&#8221; show_in_lightbox=&#8221;on&#8221; use_overlay=&#8221;on&#8221; overlay_icon_color=&#8221;#457b9d&#8221; _builder_version=&#8221;4.27.4&#8243; _module_preset=&#8221;8249bb47-7bda-4c77-8a37-2a958f7a9826&#8243; border_radii=&#8221;on|6px|6px|6px|6px&#8221; locked=&#8221;off&#8221; global_colors_info=&#8221;{%22#457b9d%22:%91%22overlay_icon_color%22%93}&#8221;][\/et_pb_image][et_pb_text _builder_version=&#8221;4.27.4&#8243; _module_preset=&#8221;default&#8221; global_colors_info=&#8221;{}&#8221;]Remorque<strong> Fourgon F752415.11 h150 rampe<\/strong><br \/>\nDimensions utiles : 248x150x150<br \/>\nPTAC : 750kg<br \/>\nCharge utile : 330 kg<\/p>\n<p>Prix : <strong>3 000.00 \u20ac HT (3 600.00 \u20ac TTC)<\/strong><br \/>\nFinancement possible jusqu&#8217;\u00e0 60 mois[\/et_pb_text][\/et_pb_column][et_pb_column type=&#8221;1_3&#8243; _builder_version=&#8221;4.17.4&#8243; _module_preset=&#8221;73121f80-a3ef-4484-8763-c3f18e3c56d2&#8243; global_colors_info=&#8221;{}&#8221;][et_pb_image src=&#8221;http:\/\/www.tensa-france.com\/wp-content\/uploads\/2024\/08\/20240823_075904940_iOS-scaled.jpg&#8221; title_text=&#8221;FC2030HTD&#8221; show_in_lightbox=&#8221;on&#8221; use_overlay=&#8221;on&#8221; overlay_icon_color=&#8221;#457b9d&#8221; _builder_version=&#8221;4.27.4&#8243; _module_preset=&#8221;8249bb47-7bda-4c77-8a37-2a958f7a9826&#8243; border_radii=&#8221;on|6px|6px|6px|6px&#8221; locked=&#8221;off&#8221; global_colors_info=&#8221;{%22#457b9d%22:%91%22overlay_icon_color%22%93}&#8221;][\/et_pb_image][et_pb_text _builder_version=&#8221;4.27.4&#8243; _module_preset=&#8221;default&#8221; global_colors_info=&#8221;{}&#8221;]Remorque<strong> Fourgon avec rampe arri\u00e8re FC2030HTD<\/strong><br \/>\nDimensions utiles : 305x180x180<br \/>\nDimensions totales : 450x205x240<br \/>\nPTAC : 2000kg<br \/>\nCharge utile : 1350 kg<\/p>\n<p>Prix : <strong>3800,00 \u20ac HT \/ 4 560,00 \u20ac TTC<\/strong>[\/et_pb_text][\/et_pb_column][et_pb_column type=&#8221;1_3&#8243; _builder_version=&#8221;4.17.4&#8243; _module_preset=&#8221;73121f80-a3ef-4484-8763-c3f18e3c56d2&#8243; global_colors_info=&#8221;{}&#8221;][et_pb_image src=&#8221;http:\/\/www.tensa-france.com\/wp-content\/uploads\/2025\/08\/530457301_122133377366859050_6086228687873178365_n.jpg&#8221; alt=&#8221;caravane N Sport 4&#8243; title_text=&#8221;Caravane N Sport 4&#8243; show_in_lightbox=&#8221;on&#8221; use_overlay=&#8221;on&#8221; overlay_icon_color=&#8221;#457b9d&#8221; _builder_version=&#8221;4.27.4&#8243; _module_preset=&#8221;8249bb47-7bda-4c77-8a37-2a958f7a9826&#8243; border_radii=&#8221;on|6px|6px|6px|6px&#8221; locked=&#8221;off&#8221; global_colors_info=&#8221;{%22#457b9d%22:%91%22overlay_icon_color%22%93}&#8221;][\/et_pb_image][et_pb_text _builder_version=&#8221;4.27.4&#8243; _module_preset=&#8221;default&#8221; global_colors_info=&#8221;{}&#8221;]Caravane <strong>N Sport 4\u00a0<\/strong><\/p>\n<div dir=\"auto\">4 couchages , dont deux superpos\u00e9s.<\/div>\n<div dir=\"auto\">Salle de bain et WC<br \/>\nEnti\u00e8rement \u00e9quip\u00e9e (Gaz, \u00e9vier, frigo etc.) avec eau chaude<\/div>\n<p>Prix : <strong>12 500.00 \u20ac HT (15 000,00 \u00a0\u20ac TTC)<\/strong><br \/>\nFinancement possible jusqu&#8217;\u00e0 60 mois<strong><br \/>\n<\/strong>[\/et_pb_text][\/et_pb_column][\/et_pb_row][\/et_pb_section][et_pb_section fb_built=&#8221;1&#8243; admin_label=&#8221;Call to Action&#8221; _builder_version=&#8221;4.27.0&#8243; _module_preset=&#8221;default&#8221; use_background_color_gradient=&#8221;on&#8221; background_color_gradient_stops=&#8221;rgba(0,0,0,0.5) 0%|rgba(0,0,0,0.75) 100%&#8221; background_color_gradient_overlays_image=&#8221;on&#8221; background_color_gradient_start=&#8221;rgba(0,0,0,0.5)&#8221; background_color_gradient_end=&#8221;rgba(0,0,0,0.75)&#8221; background_image=&#8221;http:\/\/www.tensa-france.com\/wp-content\/uploads\/2024\/08\/20240610_084414851_iOS-scaled.jpg&#8221; parallax=&#8221;on&#8221; custom_padding=&#8221;8vw||8vw||true|false&#8221; locked=&#8221;off&#8221; collapsed=&#8221;on&#8221; global_colors_info=&#8221;{}&#8221;][et_pb_row _builder_version=&#8221;4.23.1&#8243; _module_preset=&#8221;5138c454-be54-4233-bd3b-f8e6a8747976&#8243; max_width=&#8221;800px&#8221; global_colors_info=&#8221;{}&#8221;][et_pb_column type=&#8221;4_4&#8243; _builder_version=&#8221;4.16&#8243; _module_preset=&#8221;73121f80-a3ef-4484-8763-c3f18e3c56d2&#8243; global_colors_info=&#8221;{}&#8221;][et_pb_heading title=&#8221;Contactez-Nous&#8221; _builder_version=&#8221;4.24.3&#8243; _module_preset=&#8221;c33f07d9-41e0-421a-8799-5799df695cce&#8221; title_level=&#8221;h2&#8243; title_font=&#8221;IBM Plex Sans Condensed|IBM Plex Sans Condensed_weight|||||||&#8221; title_text_align=&#8221;center&#8221; title_text_color=&#8221;#FFFFFF&#8221; title_font_size=&#8221;50px&#8221; title_line_height=&#8221;1.2em&#8221; custom_margin=&#8221;||10px||false|false&#8221; title_font_size_tablet=&#8221;28px&#8221; title_font_size_phone=&#8221;20px&#8221; title_font_size_last_edited=&#8221;on|phone&#8221; locked=&#8221;off&#8221; global_colors_info=&#8221;{}&#8221;][\/et_pb_heading][et_pb_text quote_border_color=&#8221;#FFFFFF&#8221; _builder_version=&#8221;4.24.3&#8243; _module_preset=&#8221;0504de1e-f5ff-4281-ba60-cbbe4edf98bc&#8221; text_font=&#8221;IBM Plex Sans|IBM Plex Sans_weight|||||||&#8221; text_text_color=&#8221;#FFFFFF&#8221; text_font_size=&#8221;16px&#8221; text_line_height=&#8221;1.75em&#8221; link_font=&#8221;||||on||||&#8221; link_text_color=&#8221;#FFFFFF&#8221; quote_font=&#8221;IBM Plex Sans Condensed|IBM Plex Sans Condensed_weight|||||||&#8221; quote_text_color=&#8221;#FFFFFF&#8221; header_font=&#8221;IBM Plex Sans Condensed|IBM Plex Sans Condensed_weight|||||||&#8221; header_text_color=&#8221;#FFFFFF&#8221; header_font_size=&#8221;72px&#8221; header_line_height=&#8221;1.15em&#8221; header_2_font=&#8221;IBM Plex Sans Condensed|IBM Plex Sans Condensed_weight|||||||&#8221; header_2_text_color=&#8221;#FFFFFF&#8221; header_2_font_size=&#8221;50px&#8221; header_2_line_height=&#8221;1.2em&#8221; header_3_font=&#8221;IBM Plex Sans Condensed|IBM Plex Sans Condensed_weight|||||||&#8221; header_3_text_color=&#8221;#FFFFFF&#8221; header_3_font_size=&#8221;32px&#8221; header_3_line_height=&#8221;1.3em&#8221; header_4_font=&#8221;IBM Plex Sans Condensed|IBM Plex Sans Condensed_weight|||||||&#8221; header_4_text_color=&#8221;#FFFFFF&#8221; header_4_font_size=&#8221;24px&#8221; header_4_line_height=&#8221;1.4em&#8221; header_5_font=&#8221;IBM Plex Sans Condensed|IBM Plex Sans Condensed_weight|||||||&#8221; header_5_text_color=&#8221;#FFFFFF&#8221; header_5_font_size=&#8221;18px&#8221; header_5_line_height=&#8221;1.4em&#8221; header_6_font=&#8221;IBM Plex Sans Condensed|IBM Plex Sans Condensed_weight|||||||&#8221; header_6_text_color=&#8221;#FFFFFF&#8221; header_6_line_height=&#8221;1.5em&#8221; text_orientation=&#8221;center&#8221; custom_margin=&#8221;||||false|false&#8221; text_font_size_tablet=&#8221;15px&#8221; text_font_size_phone=&#8221;14px&#8221; text_font_size_last_edited=&#8221;on|phone&#8221; header_font_size_tablet=&#8221;40px&#8221; header_font_size_phone=&#8221;24px&#8221; header_font_size_last_edited=&#8221;on|desktop&#8221; header_2_font_size_tablet=&#8221;28px&#8221; header_2_font_size_phone=&#8221;20px&#8221; header_2_font_size_last_edited=&#8221;on|phone&#8221; header_3_font_size_tablet=&#8221;22px&#8221; header_3_font_size_phone=&#8221;17px&#8221; header_3_font_size_last_edited=&#8221;on|phone&#8221; header_4_font_size_tablet=&#8221;18px&#8221; header_4_font_size_phone=&#8221;15px&#8221; header_4_font_size_last_edited=&#8221;on|tablet&#8221; header_5_font_size_tablet=&#8221;15px&#8221; header_5_font_size_phone=&#8221;14px&#8221; header_5_font_size_last_edited=&#8221;on|desktop&#8221; header_6_font_size_tablet=&#8221;13px&#8221; header_6_font_size_phone=&#8221;13px&#8221; header_6_font_size_last_edited=&#8221;on|desktop&#8221; global_colors_info=&#8221;{}&#8221;]<\/p>\n<p>Pour plus d&#8217;informations sur nos remorques disponibles ou pour planifier une visite \u00e0 notre d\u00e9p\u00f4t de Vidauban, n&#8217;h\u00e9sitez pas \u00e0 nous contacter. Nous sommes l\u00e0 pour vous aider \u00e0 trouver la remorque parfaite pour vos besoins.<\/p>\n<p>[\/et_pb_text][et_pb_button button_url=&#8221;https:\/\/www.tensa-france.com\/index.php\/contact\/&#8221; button_text=&#8221;Nous Contacter&#8221; button_alignment=&#8221;center&#8221; _builder_version=&#8221;4.27.0&#8243; _module_preset=&#8221;ab15fb74-61a3-43aa-96b3-41e09aeef654&#8243; custom_button=&#8221;on&#8221; button_text_size=&#8221;14px&#8221; button_text_color=&#8221;#1d3557&#8243; button_bg_color=&#8221;#FFFFFF&#8221; button_border_width=&#8221;0px&#8221; button_border_radius=&#8221;100px&#8221; button_font=&#8221;IBM Plex Sans|700|||||||&#8221; custom_padding=&#8221;12px|24px|12px|24px|true|true&#8221; locked=&#8221;off&#8221; global_colors_info=&#8221;{}&#8221;][\/et_pb_button][\/et_pb_column][\/et_pb_row][\/et_pb_section]<\/p>\n","protected":false},"excerpt":{"rendered":"<p>Explorez notre s\u00e9lection de remorques pr\u00eates \u00e0 l&#8217;emploi, disponibles d\u00e8s maintenant \u00e0 notre d\u00e9p\u00f4t de Vidauban (83). Ne manquez pas l&#8217;opportunit\u00e9 de trouver la remorque parfaite pour vos besoins.Nos remorques sont fabriqu\u00e9es avec des mat\u00e9riaux de haute qualit\u00e9 pour garantir durabilit\u00e9 et performance.Profitez de notre stock imm\u00e9diatement disponible pour r\u00e9pondre \u00e0 vos besoins urgents. Financement [&hellip;]<\/p>\n","protected":false},"author":3,"featured_media":0,"parent":0,"menu_order":0,"comment_status":"closed","ping_status":"closed","template":"","meta":{"_et_pb_use_builder":"on","_et_pb_old_content":"","_et_gb_content_width":"","footnotes":""},"class_list":["post-1035","page","type-page","status-publish","hentry"],"_links":{"self":[{"href":"https:\/\/www.tensa-france.com\/index.php\/wp-json\/wp\/v2\/pages\/1035","targetHints":{"allow":["GET"]}}],"collection":[{"href":"https:\/\/www.tensa-france.com\/index.php\/wp-json\/wp\/v2\/pages"}],"about":[{"href":"https:\/\/www.tensa-france.com\/index.php\/wp-json\/wp\/v2\/types\/page"}],"author":[{"embeddable":true,"href":"https:\/\/www.tensa-france.com\/index.php\/wp-json\/wp\/v2\/users\/3"}],"replies":[{"embeddable":true,"href":"https:\/\/www.tensa-france.com\/index.php\/wp-json\/wp\/v2\/comments?post=1035"}],"version-history":[{"count":74,"href":"https:\/\/www.tensa-france.com\/index.php\/wp-json\/wp\/v2\/pages\/1035\/revisions"}],"predecessor-version":[{"id":1397,"href":"https:\/\/www.tensa-france.com\/index.php\/wp-json\/wp\/v2\/pages\/1035\/revisions\/1397"}],"wp:attachment":[{"href":"https:\/\/www.tensa-france.com\/index.php\/wp-json\/wp\/v2\/media?parent=1035"}],"curies":[{"name":"wp","href":"https:\/\/api.w.org\/{rel}","templated":true}]}}